{"id":1430,"date":"2018-01-14T20:07:19","date_gmt":"2018-01-14T19:07:19","guid":{"rendered":"http:\/\/wojcicki.photography\/wp-content\/uploads\/2018\/01\/Granitowy-st\u00f3\u0142-s\u0105dowy-stoj\u0105cy-na-strzeli\u0144skim-rynku-w-pobli\u017cu-pozosta\u0142o\u015bci-ratusza.-Pochodzi-prawdopodobnie-z-XV-w.-wyryta-na-nim-data-1740-dotyczy-jego-renowacji.jpg"},"modified":"2018-01-14T20:17:36","modified_gmt":"2018-01-14T19:17:36","slug":"granitowy-stol-sadowy-stojacy-na-strzelinskim-rynku-w-poblizu-pozostalosci-ratusza-pochodzi-prawdopodobnie-z-xv-w-wyryta-na-nim-data-1740-dotyczy-jego-renowacji","status":"inherit","type":"attachment","link":"http:\/\/wojcicki.photography\/?attachment_id=1430#main","title":{"rendered":"Granitowy st\u00f3\u0142 s\u0105dowy stoj\u0105cy na strzeli\u0144skim rynku w pobli\u017cu pozosta\u0142o\u015bci ratusza. Pochodzi prawdopodobnie z XV w., wyryta na nim data 1740 dotyczy jego renowacji"},"author":1,"comment_status":"open","ping_status":"closed","template":"","meta":{"spay_email":""},"jetpack_shortlink":"https:\/\/wp.me\/a5hAGn-n4","jetpack_sharing_enabled":true,"description":{"rendered":"<p class=\"attachment\"><a href='http:\/\/wojcicki.photography\/wp-content\/uploads\/2018\/01\/Granitowy-st\u00f3\u0142-s\u0105dowy-stoj\u0105cy-na-strzeli\u0144skim-rynku-w-pobli\u017cu-pozosta\u0142o\u015bci-ratusza.-Pochodzi-prawdopodobnie-z-XV-w.-wyryta-na-nim-data-1740-dotyczy-jego-renowacji.jpg'><img width=\"300\" height=\"225\" src=\"http:\/\/wojcicki.photography\/wp-content\/uploads\/2018\/01\/Granitowy-st\u00f3\u0142-s\u0105dowy-stoj\u0105cy-na-strzeli\u0144skim-rynku-w-pobli\u017cu-pozosta\u0142o\u015bci-ratusza.-Pochodzi-prawdopodobnie-z-XV-w.-wyryta-na-nim-data-1740-dotyczy-jego-renowacji-300x225.jpg\" class=\"attachment-medium size-medium\" alt=\"\" loading=\"lazy\" srcset=\"http:\/\/wojcicki.photography\/wp-content\/uploads\/2018\/01\/Granitowy-st\u00f3\u0142-s\u0105dowy-stoj\u0105cy-na-strzeli\u0144skim-rynku-w-pobli\u017cu-pozosta\u0142o\u015bci-ratusza.-Pochodzi-prawdopodobnie-z-XV-w.-wyryta-na-nim-data-1740-dotyczy-jego-renowacji-300x225.jpg 300w, http:\/\/wojcicki.photography\/wp-content\/uploads\/2018\/01\/Granitowy-st\u00f3\u0142-s\u0105dowy-stoj\u0105cy-na-strzeli\u0144skim-rynku-w-pobli\u017cu-pozosta\u0142o\u015bci-ratusza.-Pochodzi-prawdopodobnie-z-XV-w.-wyryta-na-nim-data-1740-dotyczy-jego-renowacji-768x576.jpg 768w, http:\/\/wojcicki.photography\/wp-content\/uploads\/2018\/01\/Granitowy-st\u00f3\u0142-s\u0105dowy-stoj\u0105cy-na-strzeli\u0144skim-rynku-w-pobli\u017cu-pozosta\u0142o\u015bci-ratusza.-Pochodzi-prawdopodobnie-z-XV-w.-wyryta-na-nim-data-1740-dotyczy-jego-renowacji-510x383.jpg 510w, http:\/\/wojcicki.photography\/wp-content\/uploads\/2018\/01\/Granitowy-st\u00f3\u0142-s\u0105dowy-stoj\u0105cy-na-strzeli\u0144skim-rynku-w-pobli\u017cu-pozosta\u0142o\u015bci-ratusza.-Pochodzi-prawdopodobnie-z-XV-w.-wyryta-na-nim-data-1740-dotyczy-jego-renowacji-326x245.jpg 326w, http:\/\/wojcicki.photography\/wp-content\/uploads\/2018\/01\/Granitowy-st\u00f3\u0142-s\u0105dowy-stoj\u0105cy-na-strzeli\u0144skim-rynku-w-pobli\u017cu-pozosta\u0142o\u015bci-ratusza.-Pochodzi-prawdopodobnie-z-XV-w.-wyryta-na-nim-data-1740-dotyczy-jego-renowacji-700x525.jpg 700w, http:\/\/wojcicki.photography\/wp-content\/uploads\/2018\/01\/Granitowy-st\u00f3\u0142-s\u0105dowy-stoj\u0105cy-na-strzeli\u0144skim-rynku-w-pobli\u017cu-pozosta\u0142o\u015bci-ratusza.-Pochodzi-prawdopodobnie-z-XV-w.-wyryta-na-nim-data-1740-dotyczy-jego-renowacji.jpg 1500w\" sizes=\"(max-width: 300px) 100vw, 300px\" \/><\/a><\/p>\n<div class=\"sharedaddy sd-sharing-enabled\"><div class=\"robots-nocontent sd-block sd-social sd-social-icon-text sd-sharing\"><h3 class=\"sd-title\">Share this:<\/h3><div class=\"sd-content\"><ul><li class=\"share-facebook\"><a rel=\"nofollow noopener noreferrer\" data-shared=\"sharing-facebook-1430\" class=\"share-facebook sd-button share-icon\" href=\"http:\/\/wojcicki.photography\/?attachment_id=1430#main&amp;share=facebook\" target=\"_blank\" title=\"Click to share on Facebook\"><span>Facebook<\/span><\/a><\/li><li class=\"share-twitter\"><a rel=\"nofollow noopener noreferrer\" data-shared=\"sharing-twitter-1430\" class=\"share-twitter sd-button share-icon\" href=\"http:\/\/wojcicki.photography\/?attachment_id=1430#main&amp;share=twitter\" target=\"_blank\" title=\"Click to share on Twitter\"><span>Twitter<\/span><\/a><\/li><li class=\"share-linkedin\"><a rel=\"nofollow noopener noreferrer\" data-shared=\"sharing-linkedin-1430\" class=\"share-linkedin sd-button share-icon\" href=\"http:\/\/wojcicki.photography\/?attachment_id=1430#main&amp;share=linkedin\" target=\"_blank\" title=\"Click to share on LinkedIn\"><span>LinkedIn<\/span><\/a><\/li><li class=\"share-reddit\"><a rel=\"nofollow noopener noreferrer\" data-shared=\"\" class=\"share-reddit sd-button share-icon\" href=\"http:\/\/wojcicki.photography\/?attachment_id=1430#main&amp;share=reddit\" target=\"_blank\" title=\"Click to share on Reddit\"><span>Reddit<\/span><\/a><\/li><li class=\"share-pinterest\"><a rel=\"nofollow noopener noreferrer\" data-shared=\"sharing-pinterest-1430\" class=\"share-pinterest sd-button share-icon\" href=\"http:\/\/wojcicki.photography\/?attachment_id=1430#main&amp;share=pinterest\" target=\"_blank\" title=\"Click to share on Pinterest\"><span>Pinterest<\/span><\/a><\/li><li class=\"share-end\"><\/li><\/ul><\/div><\/div><\/div>"},"caption":{"rendered":"<p>Granitowy st\u00f3\u0142 s\u0105dowy na strzeli\u0144skim rynku prawdopodobnie z XV wieku, wyryta data 1740 dotyczy renowacji<\/p>\n<div class=\"sharedaddy sd-sharing-enabled\"><div class=\"robots-nocontent sd-block sd-social sd-social-icon-text sd-sharing\"><h3 class=\"sd-title\">Share this:<\/h3><div class=\"sd-content\"><ul><li class=\"share-facebook\"><a rel=\"nofollow noopener noreferrer\" data-shared=\"sharing-facebook-1430\" class=\"share-facebook sd-button share-icon\" href=\"http:\/\/wojcicki.photography\/?attachment_id=1430#main&amp;share=facebook\" target=\"_blank\" title=\"Click to share on Facebook\"><span>Facebook<\/span><\/a><\/li><li class=\"share-twitter\"><a rel=\"nofollow noopener noreferrer\" data-shared=\"sharing-twitter-1430\" class=\"share-twitter sd-button share-icon\" href=\"http:\/\/wojcicki.photography\/?attachment_id=1430#main&amp;share=twitter\" target=\"_blank\" title=\"Click to share on Twitter\"><span>Twitter<\/span><\/a><\/li><li class=\"share-linkedin\"><a rel=\"nofollow noopener noreferrer\" data-shared=\"sharing-linkedin-1430\" class=\"share-linkedin sd-button share-icon\" href=\"http:\/\/wojcicki.photography\/?attachment_id=1430#main&amp;share=linkedin\" target=\"_blank\" title=\"Click to share on LinkedIn\"><span>LinkedIn<\/span><\/a><\/li><li class=\"share-reddit\"><a rel=\"nofollow noopener noreferrer\" data-shared=\"\" class=\"share-reddit sd-button share-icon\" href=\"http:\/\/wojcicki.photography\/?attachment_id=1430#main&amp;share=reddit\" target=\"_blank\" title=\"Click to share on Reddit\"><span>Reddit<\/span><\/a><\/li><li class=\"share-pinterest\"><a rel=\"nofollow noopener noreferrer\" data-shared=\"sharing-pinterest-1430\" class=\"share-pinterest sd-button share-icon\" href=\"http:\/\/wojcicki.photography\/?attachment_id=1430#main&amp;share=pinterest\" target=\"_blank\" title=\"Click to share on Pinterest\"><span>Pinterest<\/span><\/a><\/li><li class=\"share-end\"><\/li><\/ul><\/div><\/div><\/div>"},"alt_text":"","media_type":"image","mime_type":"image\/jpeg","media_details":{"width":1500,"height":1125,"file":"2018\/01\/Granitowy-st\u00f3\u0142-s\u0105dowy-stoj\u0105cy-na-strzeli\u0144skim-rynku-w-pobli\u017cu-pozosta\u0142o\u015bci-ratusza.-Pochodzi-prawdopodobnie-z-XV-w.-wyryta-na-nim-data-1740-dotyczy-jego-renowacji.jpg","sizes":{"thumbnail":{"file":"Granitowy-st\u00f3\u0142-s\u0105dowy-stoj\u0105cy-na-strzeli\u0144skim-rynku-w-pobli\u017cu-pozosta\u0142o\u015bci-ratusza.-Pochodzi-prawdopodobnie-z-XV-w.-wyryta-na-nim-data-1740-dotyczy-jego-renowacji-150x150.jpg","width":150,"height":150,"mime_type":"image\/jpeg","source_url":"http:\/\/wojcicki.photography\/wp-content\/uploads\/2018\/01\/Granitowy-st\u00f3\u0142-s\u0105dowy-stoj\u0105cy-na-strzeli\u0144skim-rynku-w-pobli\u017cu-pozosta\u0142o\u015bci-ratusza.-Pochodzi-prawdopodobnie-z-XV-w.-wyryta-na-nim-data-1740-dotyczy-jego-renowacji-150x150.jpg"},"medium":{"file":"Granitowy-st\u00f3\u0142-s\u0105dowy-stoj\u0105cy-na-strzeli\u0144skim-rynku-w-pobli\u017cu-pozosta\u0142o\u015bci-ratusza.-Pochodzi-prawdopodobnie-z-XV-w.-wyryta-na-nim-data-1740-dotyczy-jego-renowacji-300x225.jpg","width":300,"height":225,"mime_type":"image\/jpeg","source_url":"http:\/\/wojcicki.photography\/wp-content\/uploads\/2018\/01\/Granitowy-st\u00f3\u0142-s\u0105dowy-stoj\u0105cy-na-strzeli\u0144skim-rynku-w-pobli\u017cu-pozosta\u0142o\u015bci-ratusza.-Pochodzi-prawdopodobnie-z-XV-w.-wyryta-na-nim-data-1740-dotyczy-jego-renowacji-300x225.jpg"},"medium_large":{"file":"Granitowy-st\u00f3\u0142-s\u0105dowy-stoj\u0105cy-na-strzeli\u0144skim-rynku-w-pobli\u017cu-pozosta\u0142o\u015bci-ratusza.-Pochodzi-prawdopodobnie-z-XV-w.-wyryta-na-nim-data-1740-dotyczy-jego-renowacji-768x576.jpg","width":768,"height":576,"mime_type":"image\/jpeg","source_url":"http:\/\/wojcicki.photography\/wp-content\/uploads\/2018\/01\/Granitowy-st\u00f3\u0142-s\u0105dowy-stoj\u0105cy-na-strzeli\u0144skim-rynku-w-pobli\u017cu-pozosta\u0142o\u015bci-ratusza.-Pochodzi-prawdopodobnie-z-XV-w.-wyryta-na-nim-data-1740-dotyczy-jego-renowacji-768x576.jpg"},"large":{"file":"Granitowy-st\u00f3\u0142-s\u0105dowy-stoj\u0105cy-na-strzeli\u0144skim-rynku-w-pobli\u017cu-pozosta\u0142o\u015bci-ratusza.-Pochodzi-prawdopodobnie-z-XV-w.-wyryta-na-nim-data-1740-dotyczy-jego-renowacji-510x383.jpg","width":510,"height":383,"mime_type":"image\/jpeg","source_url":"http:\/\/wojcicki.photography\/wp-content\/uploads\/2018\/01\/Granitowy-st\u00f3\u0142-s\u0105dowy-stoj\u0105cy-na-strzeli\u0144skim-rynku-w-pobli\u017cu-pozosta\u0142o\u015bci-ratusza.-Pochodzi-prawdopodobnie-z-XV-w.-wyryta-na-nim-data-1740-dotyczy-jego-renowacji-510x383.jpg"},"shareaholic-thumbnail":{"file":"Granitowy-st\u00f3\u0142-s\u0105dowy-stoj\u0105cy-na-strzeli\u0144skim-rynku-w-pobli\u017cu-pozosta\u0142o\u015bci-ratusza.-Pochodzi-prawdopodobnie-z-XV-w.-wyryta-na-nim-data-1740-dotyczy-jego-renowacji-300x225.jpg","width":300,"height":225,"mime_type":"image\/jpeg","source_url":"http:\/\/wojcicki.photography\/wp-content\/uploads\/2018\/01\/Granitowy-st\u00f3\u0142-s\u0105dowy-stoj\u0105cy-na-strzeli\u0144skim-rynku-w-pobli\u017cu-pozosta\u0142o\u015bci-ratusza.-Pochodzi-prawdopodobnie-z-XV-w.-wyryta-na-nim-data-1740-dotyczy-jego-renowacji-300x225.jpg"},"visual-thumbnail":{"file":"Granitowy-st\u00f3\u0142-s\u0105dowy-stoj\u0105cy-na-strzeli\u0144skim-rynku-w-pobli\u017cu-pozosta\u0142o\u015bci-ratusza.-Pochodzi-prawdopodobnie-z-XV-w.-wyryta-na-nim-data-1740-dotyczy-jego-renowacji-326x245.jpg","width":326,"height":245,"mime_type":"image\/jpeg","source_url":"http:\/\/wojcicki.photography\/wp-content\/uploads\/2018\/01\/Granitowy-st\u00f3\u0142-s\u0105dowy-stoj\u0105cy-na-strzeli\u0144skim-rynku-w-pobli\u017cu-pozosta\u0142o\u015bci-ratusza.-Pochodzi-prawdopodobnie-z-XV-w.-wyryta-na-nim-data-1740-dotyczy-jego-renowacji-326x245.jpg"},"visual-post":{"file":"Granitowy-st\u00f3\u0142-s\u0105dowy-stoj\u0105cy-na-strzeli\u0144skim-rynku-w-pobli\u017cu-pozosta\u0142o\u015bci-ratusza.-Pochodzi-prawdopodobnie-z-XV-w.-wyryta-na-nim-data-1740-dotyczy-jego-renowacji-700x525.jpg","width":700,"height":525,"mime_type":"image\/jpeg","source_url":"http:\/\/wojcicki.photography\/wp-content\/uploads\/2018\/01\/Granitowy-st\u00f3\u0142-s\u0105dowy-stoj\u0105cy-na-strzeli\u0144skim-rynku-w-pobli\u017cu-pozosta\u0142o\u015bci-ratusza.-Pochodzi-prawdopodobnie-z-XV-w.-wyryta-na-nim-data-1740-dotyczy-jego-renowacji-700x525.jpg"},"full":{"file":"Granitowy-st\u00f3\u0142-s\u0105dowy-stoj\u0105cy-na-strzeli\u0144skim-rynku-w-pobli\u017cu-pozosta\u0142o\u015bci-ratusza.-Pochodzi-prawdopodobnie-z-XV-w.-wyryta-na-nim-data-1740-dotyczy-jego-renowacji.jpg","width":1500,"height":1125,"mime_type":"image\/jpeg","source_url":"http:\/\/wojcicki.photography\/wp-content\/uploads\/2018\/01\/Granitowy-st\u00f3\u0142-s\u0105dowy-stoj\u0105cy-na-strzeli\u0144skim-rynku-w-pobli\u017cu-pozosta\u0142o\u015bci-ratusza.-Pochodzi-prawdopodobnie-z-XV-w.-wyryta-na-nim-data-1740-dotyczy-jego-renowacji.jpg"}},"image_meta":{"aperture":"0","credit":"","camera":"","caption":"","created_timestamp":"0","copyright":"","focal_length":"0","iso":"0","shutter_speed":"0","title":"","orientation":"1","keywords":[]}},"post":1426,"source_url":"http:\/\/wojcicki.photography\/wp-content\/uploads\/2018\/01\/Granitowy-st\u00f3\u0142-s\u0105dowy-stoj\u0105cy-na-strzeli\u0144skim-rynku-w-pobli\u017cu-pozosta\u0142o\u015bci-ratusza.-Pochodzi-prawdopodobnie-z-XV-w.-wyryta-na-nim-data-1740-dotyczy-jego-renowacji.jpg","_links":{"self":[{"href":"http:\/\/wojcicki.photography\/index.php?rest_route=\/wp\/v2\/media\/1430"}],"collection":[{"href":"http:\/\/wojcicki.photography\/index.php?rest_route=\/wp\/v2\/media"}],"about":[{"href":"http:\/\/wojcicki.photography\/index.php?rest_route=\/wp\/v2\/types\/attachment"}],"author":[{"embeddable":true,"href":"http:\/\/wojcicki.photography\/index.php?rest_route=\/wp\/v2\/users\/1"}],"replies":[{"embeddable":true,"href":"http:\/\/wojcicki.photography\/index.php?rest_route=%2Fwp%2Fv2%2Fcomments&post=1430"}]}}